{"id":509,"date":"2024-05-14T23:23:06","date_gmt":"2024-05-14T21:23:06","guid":{"rendered":"https:\/\/www.cherbourg44.fr\/?post_type=tribe_events&#038;p=509"},"modified":"2024-05-14T23:27:13","modified_gmt":"2024-05-14T21:27:13","slug":"saint-james","status":"publish","type":"tribe_events","link":"https:\/\/www.cherbourg44.fr\/index.php\/evenement\/saint-james\/","title":{"rendered":"80E ANNIVERSAIRE DE LA BATAILLE DE NORMANDIE"},"content":{"rendered":"<div  class=\"tribe-events-schedule tribe-clearfix\" >\n\t<p class=\"tribe-events-schedule__datetime\">\n\t\t<span class=\"tribe-events-schedule__date tribe-events-schedule__date--start\">\n\t\t\t25 mai, 2024\t\t<\/span>\n\n\t\t\t\t\t<span class=\"tribe-events-schedule__separator tribe-events-schedule__separator--date\">\n\t\t\t\t @ \t\t\t<\/span>\n\t\t\t<span class=\"tribe-events-schedule__time tribe-events-schedule__time--start\">\n\t\t\t\t08:00\t\t\t<\/span>\n\t\t\n\t\t\t\t\t\t\t\t\t<span class=\"tribe-events-schedule__separator tribe-events-schedule__separator--time\">\n\t\t\t\t\t &#8211; \t\t\t\t<\/span>\n\t\t\t\n\t\t\t\t\t\t\t<span class=\"tribe-events-schedule__date tribe-events-schedule__date--end\">\n\t\t\t\t\t27 mai, 2024\t\t\t\t<\/span>\n\n\t\t\t\t\t\t\t\t\t<span class=\"tribe-events-schedule__separator tribe-events-schedule__separator--date\">\n\t\t\t\t\t\t @ \t\t\t\t\t<\/span>\n\t\t\t\t\t<span class=\"tribe-events-schedule__time tribe-events-schedule__time--end\">\n\t\t\t\t\t\t22:30\t\t\t\t\t<\/span>\n\t\t\t\t\n\t\t\t\n\t\t\t\t\t\t<\/p>\n<\/div>\n\n\n\n<figure class=\"wp-block-image size-large is-resized is-style-default\"><img decoding=\"async\" src=\"https:\/\/www.attitude-manche.fr\/wp-content\/uploads\/tourinsoft\/84e9535f1fecb9a061ffa235bd3c327d-La-Normandie-celebre-la-liberte--Francois-Foucault--560x400.png\" alt=\"\" style=\"width:656px\"\/><\/figure>\n\n\n\n<p>Du 24 mai au 6 juin 2024, la Commune Nouvelle de Saint-James et ses communes voisines proposent un programme in\u00e9dit pour comm\u00e9morer le 80e anniversaire de la Bataille de Normandie.<\/p>\n\n\n\n<p>Concerts, reconstitution de camps am\u00e9ricains, d\u00e9monstrations de v\u00e9hicules militaires, construction d&rsquo;un point Bailey, conf\u00e9rences, expositions, cin\u00e9ma, parcours m\u00e9moriel et autres animations pour rendre hommage, dans une ambiance festive et interg\u00e9n\u00e9rationnelle, \u00e0 ceux qui ont tant sacrifi\u00e9 pour notre libert\u00e9.<\/p>\n\n\n\n<p>Animations (expositions, conf\u00e9rence, camp militaire&#8230;) principalement sur le Champs de Foire et \u00e0 l&rsquo;espace le Conqu\u00e9rant situ\u00e9 rue Victor Dupont \u00e0 Saint-James.<\/p>\n\n\n\n<p>Concert et spectacle de la Lib\u00e9ration? Place du Calvaire en plein centre-ville.<\/p>\n\n\n\n<p>D\u00e9fil\u00e9 et \u00e9tapes au cimeti\u00e8re am\u00e9ricain de Montjoie Saint-Martin, \u00e0 Saint-Aubin-de-Terregatte pour une exposition de v\u00e9hicules du convoi\u2026<\/p>\n\n\n<div  class=\"tribe-block tribe-block__organizer__details tribe-clearfix\" >\n\t<div class=\"tribe-block__organizer__title\">\n\t\t<h3>Commune de Saint-James (50240)<\/h3>\n\t<\/div>\n\t\t\t<\/div>\n\n\n<div  class=\"tribe-block tribe-block__event-website\" >\n\t<a\n\t\thref=\"https:\/\/www.attitude-manche.fr\/agenda\/80e-anniversaire-de-la-bataille-de-normandie\/\"\n\t\ttarget=\"_self\"\n\t\t\t>\n\t\tLien vers l&#039;\u00e9v\u00e9nement\t<\/a>\n<\/div>\n\n\n<div  class=\"tribe-events-single-section tribe-events-section-category tribe-clearfix\" >\n\t<dt class=\"tribe-events-event-categories-label\">Cat\u00e9gorie d\u2019\u00c9v\u00e8nement:<\/dt> <dd class=\"tribe-events-event-categories\"><a href=\"https:\/\/www.cherbourg44.fr\/index.php\/calendrier\/categorie\/participant\/\" rel=\"tag\">Participant<\/a><\/dd><\/div>\n\n\n\t<div  class=\"tribe-block tribe-block__events-link\" >\n\t\t<div class=\"tribe-events tribe-common\">\n\t\t\t<div class=\"tribe-events-c-subscribe-dropdown__container\">\n\t\t\t\t<div class=\"tribe-events-c-subscribe-dropdown\">\n\t\t\t\t\t<div class=\"tribe-common-c-btn-border tribe-events-c-subscribe-dropdown__button\">\n\t\t\t\t\t\t<svg\n\t class=\"tribe-common-c-svgicon tribe-common-c-svgicon--cal-export tribe-events-c-subscribe-dropdown__export-icon\" \taria-hidden=\"true\"\n\tviewBox=\"0 0 23 17\"\n\txmlns=\"http:\/\/www.w3.org\/2000\/svg\"\n>\n\t<path fill-rule=\"evenodd\" clip-rule=\"evenodd\" d=\"M.128.896V16.13c0 .211.145.383.323.383h15.354c.179 0 .323-.172.323-.383V.896c0-.212-.144-.383-.323-.383H.451C.273.513.128.684.128.896Zm16 6.742h-.901V4.679H1.009v10.729h14.218v-3.336h.901V7.638ZM1.01 1.614h14.218v2.058H1.009V1.614Z\" \/>\n\t<path d=\"M20.5 9.846H8.312M18.524 6.953l2.89 2.909-2.855 2.855\" stroke-width=\"1.2\" stroke-linecap=\"round\" stroke-linejoin=\"round\"\/>\n<\/svg>\n\t\t\t\t\t\t<button\n\t\t\t\t\t\t\tclass=\"tribe-events-c-subscribe-dropdown__button-text\"\n\t\t\t\t\t\t\taria-expanded=\"false\"\n\t\t\t\t\t\t\taria-controls=\"tribe-events-subscribe-dropdown-content\"\n\t\t\t\t\t\t\taria-label=\"Afficher les liens permettant d\u2019ajouter des \u00e9v\u00e8nements \u00e0 votre calendrier\"\n\t\t\t\t\t\t>\n\t\t\t\t\t\t\tAjouter au calendrier\t\t\t\t\t\t<\/button>\n\t\t\t\t\t\t<svg\n\t class=\"tribe-common-c-svgicon tribe-common-c-svgicon--caret-down tribe-events-c-subscribe-dropdown__button-icon\" \taria-hidden=\"true\"\n\tviewBox=\"0 0 10 7\"\n\txmlns=\"http:\/\/www.w3.org\/2000\/svg\"\n>\n\t<path fill-rule=\"evenodd\" clip-rule=\"evenodd\" d=\"M1.008.609L5 4.6 8.992.61l.958.958L5 6.517.05 1.566l.958-.958z\" class=\"tribe-common-c-svgicon__svg-fill\"\/>\n<\/svg>\n\t\t\t\t\t<\/div>\n\t\t\t\t\t<div id=\"tribe-events-subscribe-dropdown-content\" class=\"tribe-events-c-subscribe-dropdown__content\">\n\t\t\t\t\t\t<ul class=\"tribe-events-c-subscribe-dropdown__list\">\n\t\t\t\t\t\t\t\t\t\t\t\t\t\t\t<li class=\"tribe-events-c-subscribe-dropdown__list-item tribe-events-c-subscribe-dropdown__list-item--gcal\">\n\t\t\t\t\t\t\t\t\t<a\n\t\t\t\t\t\t\t\t\t\thref=\"https:\/\/www.google.com\/calendar\/event?action=TEMPLATE&#038;dates=20240525T080000\/20240527T223000&#038;text=80E%20ANNIVERSAIRE%20DE%20LA%20BATAILLE%20DE%20NORMANDIE&#038;details=%3Cfigure+class%3D%22wp-block-image+size-large+is-resized+is-style-default%22%3E%3Cimg+src%3D%22https%3A%2F%2Fwww.attitude-manche.fr%2Fwp-content%2Fuploads%2Ftourinsoft%2F84e9535f1fecb9a061ffa235bd3c327d-La-Normandie-celebre-la-liberte--Francois-Foucault--560x400.png%22+alt%3D%22%22+style%3D%22width%3A656px%22%2F%3E%3C%2Ffigure%3E%3Cp%3EDu+24+mai+au+6+juin+2024%2C+la+Commune+Nouvelle+de+Saint-James+et+ses+communes+voisines+proposent+un+programme+in%C3%A9dit+pour+comm%C3%A9morer+le+80e+anniversaire+de+la+Bataille+de+Normandie.%3C%2Fp%3E+%3Cp%3EConcerts%2C+reconstitution+de+camps+am%C3%A9ricains%2C+d%C3%A9monstrations+de+v%C3%A9hicules+militaires%2C+construction+d%27un+point+Bailey%2C+conf%C3%A9rences%2C+expositions%2C+cin%C3%A9ma%2C+parcours+m%C3%A9moriel+et+autres+animations+pour+rendre+hommage%2C+dans+une+ambiance+festive+et+interg%C3%A9n%C3%A9rationnelle%2C+%C3%A0+ceux+qui+ont+tant+sacrifi%C3%A9+pour+notre+libert%C3%A9.%3C%2Fp%3E+%3Cp%3EAnimations+%28expositions%2C+conf%C3%A9rence%2C+camp+militaire...%29+principalement+sur+le+Champs+de+Foire+et+%C3%A0+l%27espace+le+Conqu%C3%A9rant+situ%C3%A9+rue+Victor+Dupont+%C3%A0+Saint-James.%3C%2Fp%3E+%3Cp%3EConce%3C%2Fp%3E%28Voir+toute+la+description+de+%C3%A9v%C3%A8nement+ici%C2%A0%3A+https%3A%2F%2Fwww.cherbourg44.fr%2Findex.php%2Fevenement%2Fsaint-james%2F%29&#038;trp=false&#038;ctz=Europe\/Paris&#038;sprop=website:https:\/\/www.cherbourg44.fr\"\n\t\t\t\t\t\t\t\t\t\tclass=\"tribe-events-c-subscribe-dropdown__list-item-link\"\n\t\t\t\t\t\t\t\t\t\ttarget=\"_blank\"\n\t\t\t\t\t\t\t\t\t\trel=\"noopener noreferrer nofollow noindex\"\n\t\t\t\t\t\t\t\t\t>\n\t\t\t\t\t\t\t\t\t\tGoogle Agenda\t\t\t\t\t\t\t\t\t<\/a>\n\t\t\t\t\t\t\t\t<\/li>\n\t\t\t\t\t\t\t\t\t\t\t\t\t\t\t<li class=\"tribe-events-c-subscribe-dropdown__list-item tribe-events-c-subscribe-dropdown__list-item--ical\">\n\t\t\t\t\t\t\t\t\t<a\n\t\t\t\t\t\t\t\t\t\thref=\"\"\n\t\t\t\t\t\t\t\t\t\tclass=\"tribe-events-c-subscribe-dropdown__list-item-link\"\n\t\t\t\t\t\t\t\t\t\ttarget=\"_blank\"\n\t\t\t\t\t\t\t\t\t\trel=\"noopener noreferrer nofollow noindex\"\n\t\t\t\t\t\t\t\t\t>\n\t\t\t\t\t\t\t\t\t\tiCalendar\t\t\t\t\t\t\t\t\t<\/a>\n\t\t\t\t\t\t\t\t<\/li>\n\t\t\t\t\t\t\t\t\t\t\t\t\t\t\t<li class=\"tribe-events-c-subscribe-dropdown__list-item tribe-events-c-subscribe-dropdown__list-item--outlook-365\">\n\t\t\t\t\t\t\t\t\t<a\n\t\t\t\t\t\t\t\t\t\thref=\"\"\n\t\t\t\t\t\t\t\t\t\tclass=\"tribe-events-c-subscribe-dropdown__list-item-link\"\n\t\t\t\t\t\t\t\t\t\ttarget=\"_blank\"\n\t\t\t\t\t\t\t\t\t\trel=\"noopener noreferrer nofollow noindex\"\n\t\t\t\t\t\t\t\t\t>\n\t\t\t\t\t\t\t\t\t\tOutlook 365\t\t\t\t\t\t\t\t\t<\/a>\n\t\t\t\t\t\t\t\t<\/li>\n\t\t\t\t\t\t\t\t\t\t\t\t\t\t\t<li class=\"tribe-events-c-subscribe-dropdown__list-item tribe-events-c-subscribe-dropdown__list-item--outlook-live\">\n\t\t\t\t\t\t\t\t\t<a\n\t\t\t\t\t\t\t\t\t\thref=\"\"\n\t\t\t\t\t\t\t\t\t\tclass=\"tribe-events-c-subscribe-dropdown__list-item-link\"\n\t\t\t\t\t\t\t\t\t\ttarget=\"_blank\"\n\t\t\t\t\t\t\t\t\t\trel=\"noopener noreferrer nofollow noindex\"\n\t\t\t\t\t\t\t\t\t>\n\t\t\t\t\t\t\t\t\t\tOutlook Live\t\t\t\t\t\t\t\t\t<\/a>\n\t\t\t\t\t\t\t\t<\/li>\n\t\t\t\t\t\t\t\t\t\t\t\t\t<\/ul>\n\t\t\t\t\t<\/div>\n\t\t\t\t<\/div>\n\t\t\t<\/div>\n\t\t<\/div>\n\t<\/div>\n\n","protected":false},"excerpt":{"rendered":"<p>Du 24 mai au 6 juin 2024, la Commune Nouvelle de Saint-James et ses communes voisines proposent un programme in\u00e9dit pour comm\u00e9morer le 80e anniversaire de la Bataille de Normandie. Concerts, reconstitution de camps am\u00e9ricains, d\u00e9monstrations de v\u00e9hicules militaires, construction d&rsquo;un point Bailey, conf\u00e9rences, expositions, cin\u00e9ma, parcours m\u00e9moriel et autres animations pour rendre hommage, dans&hellip;<\/p>\n","protected":false},"author":1,"featured_media":0,"template":"","meta":{"_monsterinsights_skip_tracking":false,"_monsterinsights_sitenote_active":false,"_monsterinsights_sitenote_note":"","_monsterinsights_sitenote_category":0,"_EventAllDay":false,"_EventTimezone":"Europe\/Paris","_EventStartDate":"2024-05-25 08:00:00","_EventEndDate":"2024-05-27 22:30:00","_EventStartDateUTC":"2024-05-25 06:00:00","_EventEndDateUTC":"2024-05-27 20:30:00","_EventShowMap":false,"_EventShowMapLink":false,"_EventURL":"https:\/\/www.attitude-manche.fr\/agenda\/80e-anniversaire-de-la-bataille-de-normandie\/","_EventCost":"","_EventCostDescription":"","_EventCurrencySymbol":"\u20ac","_EventCurrencyCode":"EUR","_EventCurrencyPosition":"suffix","_EventDateTimeSeparator":" @ ","_EventTimeRangeSeparator":" - ","_EventOrganizerID":[510],"_EventVenueID":[],"_OrganizerEmail":"","_OrganizerPhone":"","_OrganizerWebsite":"","_VenueAddress":"","_VenueCity":"","_VenueCountry":"","_VenueProvince":"","_VenueState":"","_VenueZip":"","_VenuePhone":"","_VenueURL":"","_VenueStateProvince":"","_VenueLat":"","_VenueLng":"","_VenueShowMap":false,"_VenueShowMapLink":false,"_tribe_events_status":"","_tribe_events_status_reason":"","footnotes":""},"tags":[],"tribe_events_cat":[4],"class_list":["post-509","tribe_events","type-tribe_events","status-publish","hentry","tribe_events_cat-participant","cat_participant"],"yoast_head":"<!-- This site is optimized with the Yoast SEO plugin v26.7 - https:\/\/yoast.com\/wordpress\/plugins\/seo\/ -->\n<title>80e anniversaire du DDAY \u00e0 Saint-James<\/title>\n<meta name=\"description\" content=\"La Commune Nouvelle de Saint-James et ses communes voisines proposent un programme in\u00e9dit pour comm\u00e9morer le 80e anniversaire de la Bataille de Normandie.\" \/>\n<meta name=\"robots\" content=\"index, follow, max-snippet:-1, max-image-preview:large, max-video-preview:-1\" \/>\n<link rel=\"canonical\" href=\"https:\/\/www.cherbourg44.fr\/index.php\/evenement\/saint-james\/\" \/>\n<meta property=\"og:locale\" content=\"fr_FR\" \/>\n<meta property=\"og:type\" content=\"article\" \/>\n<meta property=\"og:title\" content=\"80e anniversaire du DDAY \u00e0 Saint-James\" \/>\n<meta property=\"og:description\" content=\"La Commune Nouvelle de Saint-James et ses communes voisines proposent un programme in\u00e9dit pour comm\u00e9morer le 80e anniversaire de la Bataille de Normandie.\" \/>\n<meta property=\"og:url\" content=\"https:\/\/www.cherbourg44.fr\/index.php\/evenement\/saint-james\/\" \/>\n<meta property=\"og:site_name\" content=\"Cherbourg 1944\" \/>\n<meta property=\"article:modified_time\" content=\"2024-05-14T21:27:13+00:00\" \/>\n<meta property=\"og:image\" content=\"https:\/\/www.attitude-manche.fr\/wp-content\/uploads\/tourinsoft\/84e9535f1fecb9a061ffa235bd3c327d-La-Normandie-celebre-la-liberte--Francois-Foucault--560x400.png\" \/>\n<meta name=\"twitter:card\" content=\"summary_large_image\" \/>\n<meta name=\"twitter:label1\" content=\"Dur\u00e9e de lecture estim\u00e9e\" \/>\n\t<meta name=\"twitter:data1\" content=\"1 minute\" \/>\n<script type=\"application\/ld+json\" class=\"yoast-schema-graph\">{\"@context\":\"https:\/\/schema.org\",\"@graph\":[{\"@type\":\"WebPage\",\"@id\":\"https:\/\/www.cherbourg44.fr\/index.php\/evenement\/saint-james\/\",\"url\":\"https:\/\/www.cherbourg44.fr\/index.php\/evenement\/saint-james\/\",\"name\":\"80e anniversaire du DDAY \u00e0 Saint-James\",\"isPartOf\":{\"@id\":\"https:\/\/www.cherbourg44.fr\/#website\"},\"primaryImageOfPage\":{\"@id\":\"https:\/\/www.cherbourg44.fr\/index.php\/evenement\/saint-james\/#primaryimage\"},\"image\":{\"@id\":\"https:\/\/www.cherbourg44.fr\/index.php\/evenement\/saint-james\/#primaryimage\"},\"thumbnailUrl\":\"https:\/\/www.attitude-manche.fr\/wp-content\/uploads\/tourinsoft\/84e9535f1fecb9a061ffa235bd3c327d-La-Normandie-celebre-la-liberte--Francois-Foucault--560x400.png\",\"datePublished\":\"2024-05-14T21:23:06+00:00\",\"dateModified\":\"2024-05-14T21:27:13+00:00\",\"description\":\"La Commune Nouvelle de Saint-James et ses communes voisines proposent un programme in\u00e9dit pour comm\u00e9morer le 80e anniversaire de la Bataille de Normandie.\",\"breadcrumb\":{\"@id\":\"https:\/\/www.cherbourg44.fr\/index.php\/evenement\/saint-james\/#breadcrumb\"},\"inLanguage\":\"fr-FR\",\"potentialAction\":[{\"@type\":\"ReadAction\",\"target\":[\"https:\/\/www.cherbourg44.fr\/index.php\/evenement\/saint-james\/\"]}]},{\"@type\":\"ImageObject\",\"inLanguage\":\"fr-FR\",\"@id\":\"https:\/\/www.cherbourg44.fr\/index.php\/evenement\/saint-james\/#primaryimage\",\"url\":\"https:\/\/www.attitude-manche.fr\/wp-content\/uploads\/tourinsoft\/84e9535f1fecb9a061ffa235bd3c327d-La-Normandie-celebre-la-liberte--Francois-Foucault--560x400.png\",\"contentUrl\":\"https:\/\/www.attitude-manche.fr\/wp-content\/uploads\/tourinsoft\/84e9535f1fecb9a061ffa235bd3c327d-La-Normandie-celebre-la-liberte--Francois-Foucault--560x400.png\"},{\"@type\":\"BreadcrumbList\",\"@id\":\"https:\/\/www.cherbourg44.fr\/index.php\/evenement\/saint-james\/#breadcrumb\",\"itemListElement\":[{\"@type\":\"ListItem\",\"position\":1,\"name\":\"Accueil\",\"item\":\"https:\/\/www.cherbourg44.fr\/\"},{\"@type\":\"ListItem\",\"position\":2,\"name\":\"\u00c9v\u00e8nements\",\"item\":\"https:\/\/www.cherbourg44.fr\/index.php\/calendrier\/\"},{\"@type\":\"ListItem\",\"position\":3,\"name\":\"80E ANNIVERSAIRE DE LA BATAILLE DE NORMANDIE\"}]},{\"@type\":\"WebSite\",\"@id\":\"https:\/\/www.cherbourg44.fr\/#website\",\"url\":\"https:\/\/www.cherbourg44.fr\/\",\"name\":\"Cherbourg 1944\",\"description\":\"Association de Reconstitution Historique\",\"potentialAction\":[{\"@type\":\"SearchAction\",\"target\":{\"@type\":\"EntryPoint\",\"urlTemplate\":\"https:\/\/www.cherbourg44.fr\/?s={search_term_string}\"},\"query-input\":{\"@type\":\"PropertyValueSpecification\",\"valueRequired\":true,\"valueName\":\"search_term_string\"}}],\"inLanguage\":\"fr-FR\"}]}<\/script>\n<!-- \/ Yoast SEO plugin. -->","yoast_head_json":{"title":"80e anniversaire du DDAY \u00e0 Saint-James","description":"La Commune Nouvelle de Saint-James et ses communes voisines proposent un programme in\u00e9dit pour comm\u00e9morer le 80e anniversaire de la Bataille de Normandie.","robots":{"index":"index","follow":"follow","max-snippet":"max-snippet:-1","max-image-preview":"max-image-preview:large","max-video-preview":"max-video-preview:-1"},"canonical":"https:\/\/www.cherbourg44.fr\/index.php\/evenement\/saint-james\/","og_locale":"fr_FR","og_type":"article","og_title":"80e anniversaire du DDAY \u00e0 Saint-James","og_description":"La Commune Nouvelle de Saint-James et ses communes voisines proposent un programme in\u00e9dit pour comm\u00e9morer le 80e anniversaire de la Bataille de Normandie.","og_url":"https:\/\/www.cherbourg44.fr\/index.php\/evenement\/saint-james\/","og_site_name":"Cherbourg 1944","article_modified_time":"2024-05-14T21:27:13+00:00","og_image":[{"url":"https:\/\/www.attitude-manche.fr\/wp-content\/uploads\/tourinsoft\/84e9535f1fecb9a061ffa235bd3c327d-La-Normandie-celebre-la-liberte--Francois-Foucault--560x400.png","type":"","width":"","height":""}],"twitter_card":"summary_large_image","twitter_misc":{"Dur\u00e9e de lecture estim\u00e9e":"1 minute"},"schema":{"@context":"https:\/\/schema.org","@graph":[{"@type":"WebPage","@id":"https:\/\/www.cherbourg44.fr\/index.php\/evenement\/saint-james\/","url":"https:\/\/www.cherbourg44.fr\/index.php\/evenement\/saint-james\/","name":"80e anniversaire du DDAY \u00e0 Saint-James","isPartOf":{"@id":"https:\/\/www.cherbourg44.fr\/#website"},"primaryImageOfPage":{"@id":"https:\/\/www.cherbourg44.fr\/index.php\/evenement\/saint-james\/#primaryimage"},"image":{"@id":"https:\/\/www.cherbourg44.fr\/index.php\/evenement\/saint-james\/#primaryimage"},"thumbnailUrl":"https:\/\/www.attitude-manche.fr\/wp-content\/uploads\/tourinsoft\/84e9535f1fecb9a061ffa235bd3c327d-La-Normandie-celebre-la-liberte--Francois-Foucault--560x400.png","datePublished":"2024-05-14T21:23:06+00:00","dateModified":"2024-05-14T21:27:13+00:00","description":"La Commune Nouvelle de Saint-James et ses communes voisines proposent un programme in\u00e9dit pour comm\u00e9morer le 80e anniversaire de la Bataille de Normandie.","breadcrumb":{"@id":"https:\/\/www.cherbourg44.fr\/index.php\/evenement\/saint-james\/#breadcrumb"},"inLanguage":"fr-FR","potentialAction":[{"@type":"ReadAction","target":["https:\/\/www.cherbourg44.fr\/index.php\/evenement\/saint-james\/"]}]},{"@type":"ImageObject","inLanguage":"fr-FR","@id":"https:\/\/www.cherbourg44.fr\/index.php\/evenement\/saint-james\/#primaryimage","url":"https:\/\/www.attitude-manche.fr\/wp-content\/uploads\/tourinsoft\/84e9535f1fecb9a061ffa235bd3c327d-La-Normandie-celebre-la-liberte--Francois-Foucault--560x400.png","contentUrl":"https:\/\/www.attitude-manche.fr\/wp-content\/uploads\/tourinsoft\/84e9535f1fecb9a061ffa235bd3c327d-La-Normandie-celebre-la-liberte--Francois-Foucault--560x400.png"},{"@type":"BreadcrumbList","@id":"https:\/\/www.cherbourg44.fr\/index.php\/evenement\/saint-james\/#breadcrumb","itemListElement":[{"@type":"ListItem","position":1,"name":"Accueil","item":"https:\/\/www.cherbourg44.fr\/"},{"@type":"ListItem","position":2,"name":"\u00c9v\u00e8nements","item":"https:\/\/www.cherbourg44.fr\/index.php\/calendrier\/"},{"@type":"ListItem","position":3,"name":"80E ANNIVERSAIRE DE LA BATAILLE DE NORMANDIE"}]},{"@type":"WebSite","@id":"https:\/\/www.cherbourg44.fr\/#website","url":"https:\/\/www.cherbourg44.fr\/","name":"Cherbourg 1944","description":"Association de Reconstitution Historique","potentialAction":[{"@type":"SearchAction","target":{"@type":"EntryPoint","urlTemplate":"https:\/\/www.cherbourg44.fr\/?s={search_term_string}"},"query-input":{"@type":"PropertyValueSpecification","valueRequired":true,"valueName":"search_term_string"}}],"inLanguage":"fr-FR"}]}},"_links":{"self":[{"href":"https:\/\/www.cherbourg44.fr\/index.php\/wp-json\/wp\/v2\/tribe_events\/509","targetHints":{"allow":["GET"]}}],"collection":[{"href":"https:\/\/www.cherbourg44.fr\/index.php\/wp-json\/wp\/v2\/tribe_events"}],"about":[{"href":"https:\/\/www.cherbourg44.fr\/index.php\/wp-json\/wp\/v2\/types\/tribe_events"}],"author":[{"embeddable":true,"href":"https:\/\/www.cherbourg44.fr\/index.php\/wp-json\/wp\/v2\/users\/1"}],"version-history":[{"count":3,"href":"https:\/\/www.cherbourg44.fr\/index.php\/wp-json\/wp\/v2\/tribe_events\/509\/revisions"}],"predecessor-version":[{"id":515,"href":"https:\/\/www.cherbourg44.fr\/index.php\/wp-json\/wp\/v2\/tribe_events\/509\/revisions\/515"}],"wp:attachment":[{"href":"https:\/\/www.cherbourg44.fr\/index.php\/wp-json\/wp\/v2\/media?parent=509"}],"wp:term":[{"taxonomy":"post_tag","embeddable":true,"href":"https:\/\/www.cherbourg44.fr\/index.php\/wp-json\/wp\/v2\/tags?post=509"},{"taxonomy":"tribe_events_cat","embeddable":true,"href":"https:\/\/www.cherbourg44.fr\/index.php\/wp-json\/wp\/v2\/tribe_events_cat?post=509"}],"curies":[{"name":"wp","href":"https:\/\/api.w.org\/{rel}","templated":true}]}}