{"id":527,"date":"2024-05-30T09:41:37","date_gmt":"2024-05-30T07:41:37","guid":{"rendered":"https:\/\/www.cherbourg44.fr\/?post_type=tribe_events&#038;p=527"},"modified":"2024-06-02T07:38:14","modified_gmt":"2024-06-02T05:38:14","slug":"les-bateaux-de-normandie-fete-le-80e-anniversaire-du-dday","status":"publish","type":"tribe_events","link":"https:\/\/www.cherbourg44.fr\/index.php\/evenement\/les-bateaux-de-normandie-fete-le-80e-anniversaire-du-dday\/","title":{"rendered":"Les bateaux de Normandie f\u00eate le 80e anniversaire du D-DAY"},"content":{"rendered":"<div  class=\"tribe-events-schedule tribe-clearfix\" >\n\t<p class=\"tribe-events-schedule__datetime\">\n\t\t<span class=\"tribe-events-schedule__date tribe-events-schedule__date--start\">\n\t\t\t2 juin, 2024\t\t<\/span>\n\n\t\t\t\t\t<span class=\"tribe-events-schedule__separator tribe-events-schedule__separator--date\">\n\t\t\t\t @ \t\t\t<\/span>\n\t\t\t<span class=\"tribe-events-schedule__time tribe-events-schedule__time--start\">\n\t\t\t\t08:00\t\t\t<\/span>\n\t\t\n\t\t\t\t\t\t\t\t\t<span class=\"tribe-events-schedule__separator tribe-events-schedule__separator--time\">\n\t\t\t\t\t &#8211; \t\t\t\t<\/span>\n\t\t\t\n\t\t\t\t\t\t\t<span class=\"tribe-events-schedule__date tribe-events-schedule__date--end\">\n\t\t\t\t\t5 juin, 2024\t\t\t\t<\/span>\n\n\t\t\t\t\t\t\t\t\t<span class=\"tribe-events-schedule__separator tribe-events-schedule__separator--date\">\n\t\t\t\t\t\t @ \t\t\t\t\t<\/span>\n\t\t\t\t\t<span class=\"tribe-events-schedule__time tribe-events-schedule__time--end\">\n\t\t\t\t\t\t17:00\t\t\t\t\t<\/span>\n\t\t\t\t\n\t\t\t\n\t\t\t\t\t\t<\/p>\n<\/div>\n\n\n\n<p>Les bateaux seront expos\u00e9s au quai Lamy dans le nouveau bassin pr\u00e8s de l\u2019Ecole de voile de Caen-Mondeville.&nbsp;<\/p>\n\n\n\n<ul class=\"wp-block-list\">\n<li>Visite des bateaux historiques \u00e0 quai\/ Historical Ships visit at quay&nbsp;<\/li>\n\n\n\n<li>\u00c9quipages marins alli\u00e9s en uniformes d&rsquo;\u00e9poques en situation sur les ponts\/ Displays of allied air and navy crews on decks<\/li>\n\n\n\n<li>Dimanche 2 juin \u00e0 17H\/5 pm : Concert swing \u00a0\u00bb Swing\u00a0\u00bb avec standards de l&rsquo;\u00e9poque\/ Swing band concert singing period standards<\/li>\n\n\n\n<li>Exposition permanente des navires civils et maquettes de l&rsquo;association Bateaux de Normandie\/ Exhibition of restored civilian ships of Bateaux de Normandie<\/li>\n\n\n\n<li>Exposition de la Fondation de la France Libre sur l&rsquo;histoire des marins FNFL \/Exhibition of Free French seamen history by the Fondation de la France libre<\/li>\n<\/ul>\n\n\n\n<p>Bateaux de Normandie, association loi 1901, a \u00e9t\u00e9 fond\u00e9e en 2018, afin d&rsquo;\u0153uvrer \u00e0 la sauvegarde du patrimoine maritime normand, dont une partie allait dispara\u00eetre.<\/p>\n\n\n\n<figure class=\"wp-block-image size-large\"><img fetchpriority=\"high\" decoding=\"async\" width=\"768\" height=\"1024\" src=\"http:\/\/www.cherbourg44.fr\/wp-content\/uploads\/2024\/05\/441528771_857687989726518_5153323129990096089_n-768x1024.jpeg\" alt=\"\" class=\"wp-image-528\" srcset=\"https:\/\/www.cherbourg44.fr\/wp-content\/uploads\/2024\/05\/441528771_857687989726518_5153323129990096089_n-768x1024.jpeg 768w, https:\/\/www.cherbourg44.fr\/wp-content\/uploads\/2024\/05\/441528771_857687989726518_5153323129990096089_n-225x300.jpeg 225w, https:\/\/www.cherbourg44.fr\/wp-content\/uploads\/2024\/05\/441528771_857687989726518_5153323129990096089_n.jpeg 1080w\" sizes=\"(max-width: 768px) 100vw, 768px\" \/><\/figure>\n\n\n\n<p><br><br><a href=\"https:\/\/www.bateaux.com\/article\/45608\/caen-se-prepare-a-accueillir-des-bateaux-historiques-pour-le-80e-anniversaire-du-debarquement#:~:text=%C3%80%20Caen%2C%20%22Bateaux%20de%20Normandie,Seconde%20Guerre%20mondiale%20seront%20mobilis%C3%A9s.\">Plus d&rsquo;informations<\/a> <\/p>\n\n\n<div  class=\"tribe-block tribe-block__venue tribe-clearfix tribe-block__venue--has-map\" >\n\t\n\t\n<div class=\"tribe-block__venue__meta\">\n\t<div class=\"tribe-block__venue__name\">\n\t\t<h3>quai Lamy<\/h3>\n\t<\/div>\n\n\t\n\t\t\t\t\t\t<address class=\"tribe-block__venue__address\">\n\t\t\t\t<span class=\"tribe-address\">\n\n<span class=\"tribe-street-address\">Rue de la Chauss\u00e9e d&#039;Alger<\/span>\n\t\n\t\t<br>\n\t\t<span class=\"tribe-locality\">MONDEVILLE<\/span><span class=\"tribe-delimiter\">,<\/span>\n\n\n\t<span class=\"tribe-postal-code\">14120<\/span>\n\n\t<span class=\"tribe-country-name\">France<\/span>\n\n<\/span>\n\n\t\t\t\t\t\t\t\t\t<a class=\"tribe-events-gmap\" href=\"https:\/\/maps.google.com\/maps?f=q&#038;source=s_q&#038;hl=en&#038;geocode=&#038;q=Rue+de+la+Chauss%C3%A9e+d%26%23039%3BAlger+MONDEVILLE+14120+France\" title=\"Cliquez pour voir une carte Google Map\" target=\"_blank\" rel=\"noreferrer noopener\">+ Google Map<\/a>\t\t\t\t\t\t\t<\/address>\n\t\t\n\t\t\n\t\t\t\n\t<\/div>\n\t\n<div class=\"tribe-block__venue__map\">\n\t\n<iframe\n  title=\"L\u2018iframe Google maps affichant l\u2019adresse \u00e0 quai Lamy\"\n  aria-label=\"Plan des lieux\"\n  width=\"310px\"\n  height=\"256px\"\n  frameborder=\"0\" style=\"border:0\"\n  src=\"https:\/\/www.google.com\/maps\/embed\/v1\/place?key=AIzaSyDNsicAsP6-VuGtAb1O9riI3oc_NOb7IOU&#038;q=Rue+de+la+Chauss%C3%A9e+d%26%23039%3BAlger+MONDEVILLE+14120+France+&#038;zoom=10\" allowfullscreen>\n<\/iframe>\n<\/div>\n\n\t<\/div>\n\n\n\n\n\t<div  class=\"tribe-block tribe-block__events-link\" >\n\t\t<div class=\"tribe-events tribe-common\">\n\t\t\t<div class=\"tribe-events-c-subscribe-dropdown__container\">\n\t\t\t\t<div class=\"tribe-events-c-subscribe-dropdown\">\n\t\t\t\t\t<div class=\"tribe-common-c-btn-border tribe-events-c-subscribe-dropdown__button\">\n\t\t\t\t\t\t<svg\n\t class=\"tribe-common-c-svgicon tribe-common-c-svgicon--cal-export tribe-events-c-subscribe-dropdown__export-icon\" \taria-hidden=\"true\"\n\tviewBox=\"0 0 23 17\"\n\txmlns=\"http:\/\/www.w3.org\/2000\/svg\"\n>\n\t<path fill-rule=\"evenodd\" clip-rule=\"evenodd\" d=\"M.128.896V16.13c0 .211.145.383.323.383h15.354c.179 0 .323-.172.323-.383V.896c0-.212-.144-.383-.323-.383H.451C.273.513.128.684.128.896Zm16 6.742h-.901V4.679H1.009v10.729h14.218v-3.336h.901V7.638ZM1.01 1.614h14.218v2.058H1.009V1.614Z\" \/>\n\t<path d=\"M20.5 9.846H8.312M18.524 6.953l2.89 2.909-2.855 2.855\" stroke-width=\"1.2\" stroke-linecap=\"round\" stroke-linejoin=\"round\"\/>\n<\/svg>\n\t\t\t\t\t\t<button\n\t\t\t\t\t\t\tclass=\"tribe-events-c-subscribe-dropdown__button-text\"\n\t\t\t\t\t\t\taria-expanded=\"false\"\n\t\t\t\t\t\t\taria-controls=\"tribe-events-subscribe-dropdown-content\"\n\t\t\t\t\t\t\taria-label=\"Afficher les liens permettant d\u2019ajouter des \u00e9v\u00e8nements \u00e0 votre calendrier\"\n\t\t\t\t\t\t>\n\t\t\t\t\t\t\tAjouter au calendrier\t\t\t\t\t\t<\/button>\n\t\t\t\t\t\t<svg\n\t class=\"tribe-common-c-svgicon tribe-common-c-svgicon--caret-down tribe-events-c-subscribe-dropdown__button-icon\" \taria-hidden=\"true\"\n\tviewBox=\"0 0 10 7\"\n\txmlns=\"http:\/\/www.w3.org\/2000\/svg\"\n>\n\t<path fill-rule=\"evenodd\" clip-rule=\"evenodd\" d=\"M1.008.609L5 4.6 8.992.61l.958.958L5 6.517.05 1.566l.958-.958z\" class=\"tribe-common-c-svgicon__svg-fill\"\/>\n<\/svg>\n\t\t\t\t\t<\/div>\n\t\t\t\t\t<div id=\"tribe-events-subscribe-dropdown-content\" class=\"tribe-events-c-subscribe-dropdown__content\">\n\t\t\t\t\t\t<ul class=\"tribe-events-c-subscribe-dropdown__list\">\n\t\t\t\t\t\t\t\t\t\t\t\t\t\t\t<li class=\"tribe-events-c-subscribe-dropdown__list-item tribe-events-c-subscribe-dropdown__list-item--gcal\">\n\t\t\t\t\t\t\t\t\t<a\n\t\t\t\t\t\t\t\t\t\thref=\"https:\/\/www.google.com\/calendar\/event?action=TEMPLATE&#038;dates=20240602T080000\/20240605T170000&#038;text=Les%20bateaux%20de%20Normandie%20f%C3%AAte%20le%2080e%20anniversaire%20du%20D-DAY&#038;details=%3Cp%3ELes+bateaux+seront+expos%C3%A9s+au+quai+Lamy+dans+le+nouveau+bassin+pr%C3%A8s+de+l%E2%80%99Ecole+de+voile+de+Caen-Mondeville.%26nbsp%3B%3C%2Fp%3E+%3Cul%3E%3Cli%3EVisite+des+bateaux+historiques+%C3%A0+quai%2F+Historical+Ships+visit+at+quay%26nbsp%3B%3C%2Fli%3E%3Cli%3E%C3%89quipages+marins+alli%C3%A9s+en+uniformes+d%27%C3%A9poques+en+situation+sur+les+ponts%2F+Displays+of+allied+air+and+navy+crews+on+decks%3C%2Fli%3E%3Cli%3EDimanche+2+juin+%C3%A0+17H%2F5+pm+%3A+Concert+swing+%22+Swing%22+avec+standards+de+l%27%C3%A9poque%2F+Swing+band+concert+singing+period+standards%3C%2Fli%3E%3Cli%3EExposition+permanente+des+navires+civils+et+maquettes+de+l%27association+Bateaux+de+Normandie%2F+Exhibition+of+restored+civilian+ships+of+Bateaux+de+Normandie%3C%2Fli%3E%3Cli%3EExposition+de+la+Fondation+de+la+France+Libre+sur+l%27histoire+des+marins+FNFL+%2FExhibition+of+Free+French+seamen+history+by+the+Fondation+de+la+France+libre%3C%2Fli%3E%3C%2Ful%3E%3Cp%3EBateaux+de+Normandie%2C+association+loi+1901%2C+a+%C3%A9t%C3%A9+fond%C3%A9e+en+2018%2C+afin+d%27%C5%93uvrer+%C3%A0+la+sauvegarde+du+patrimoine+maritime+normand%2C+dont+une+partie+all%3C%2Fp%3E%28Voir+toute+la+description+de+%C3%A9v%C3%A8nement+ici%C2%A0%3A+https%3A%2F%2Fwww.cherbourg44.fr%2Findex.php%2Fevenement%2Fles-bateaux-de-normandie-fete-le-80e-anniversaire-du-dday%2F%29&#038;location=quai%20Lamy,%20Rue%20de%20la%20Chauss\u00e9e%20d&#039;Alger,%20MONDEVILLE,%2014120,%20France&#038;trp=false&#038;ctz=Europe\/Paris&#038;sprop=website:https:\/\/www.cherbourg44.fr\"\n\t\t\t\t\t\t\t\t\t\tclass=\"tribe-events-c-subscribe-dropdown__list-item-link\"\n\t\t\t\t\t\t\t\t\t\ttarget=\"_blank\"\n\t\t\t\t\t\t\t\t\t\trel=\"noopener noreferrer nofollow noindex\"\n\t\t\t\t\t\t\t\t\t>\n\t\t\t\t\t\t\t\t\t\tGoogle Agenda\t\t\t\t\t\t\t\t\t<\/a>\n\t\t\t\t\t\t\t\t<\/li>\n\t\t\t\t\t\t\t\t\t\t\t\t\t\t\t<li class=\"tribe-events-c-subscribe-dropdown__list-item tribe-events-c-subscribe-dropdown__list-item--ical\">\n\t\t\t\t\t\t\t\t\t<a\n\t\t\t\t\t\t\t\t\t\thref=\"\"\n\t\t\t\t\t\t\t\t\t\tclass=\"tribe-events-c-subscribe-dropdown__list-item-link\"\n\t\t\t\t\t\t\t\t\t\ttarget=\"_blank\"\n\t\t\t\t\t\t\t\t\t\trel=\"noopener noreferrer nofollow noindex\"\n\t\t\t\t\t\t\t\t\t>\n\t\t\t\t\t\t\t\t\t\tiCalendar\t\t\t\t\t\t\t\t\t<\/a>\n\t\t\t\t\t\t\t\t<\/li>\n\t\t\t\t\t\t\t\t\t\t\t\t\t\t\t<li class=\"tribe-events-c-subscribe-dropdown__list-item tribe-events-c-subscribe-dropdown__list-item--outlook-365\">\n\t\t\t\t\t\t\t\t\t<a\n\t\t\t\t\t\t\t\t\t\thref=\"\"\n\t\t\t\t\t\t\t\t\t\tclass=\"tribe-events-c-subscribe-dropdown__list-item-link\"\n\t\t\t\t\t\t\t\t\t\ttarget=\"_blank\"\n\t\t\t\t\t\t\t\t\t\trel=\"noopener noreferrer nofollow noindex\"\n\t\t\t\t\t\t\t\t\t>\n\t\t\t\t\t\t\t\t\t\tOutlook 365\t\t\t\t\t\t\t\t\t<\/a>\n\t\t\t\t\t\t\t\t<\/li>\n\t\t\t\t\t\t\t\t\t\t\t\t\t\t\t<li class=\"tribe-events-c-subscribe-dropdown__list-item tribe-events-c-subscribe-dropdown__list-item--outlook-live\">\n\t\t\t\t\t\t\t\t\t<a\n\t\t\t\t\t\t\t\t\t\thref=\"\"\n\t\t\t\t\t\t\t\t\t\tclass=\"tribe-events-c-subscribe-dropdown__list-item-link\"\n\t\t\t\t\t\t\t\t\t\ttarget=\"_blank\"\n\t\t\t\t\t\t\t\t\t\trel=\"noopener noreferrer nofollow noindex\"\n\t\t\t\t\t\t\t\t\t>\n\t\t\t\t\t\t\t\t\t\tOutlook Live\t\t\t\t\t\t\t\t\t<\/a>\n\t\t\t\t\t\t\t\t<\/li>\n\t\t\t\t\t\t\t\t\t\t\t\t\t<\/ul>\n\t\t\t\t\t<\/div>\n\t\t\t\t<\/div>\n\t\t\t<\/div>\n\t\t<\/div>\n\t<\/div>\n\n","protected":false},"excerpt":{"rendered":"<p>Les bateaux seront expos\u00e9s au quai Lamy dans le nouveau bassin pr\u00e8s de l\u2019Ecole de voile de Caen-Mondeville.&nbsp; Bateaux de Normandie, association loi 1901, a \u00e9t\u00e9 fond\u00e9e en 2018, afin d&rsquo;\u0153uvrer \u00e0 la sauvegarde du patrimoine maritime normand, dont une partie allait dispara\u00eetre. Plus d&rsquo;informations<\/p>\n","protected":false},"author":1,"featured_media":528,"template":"","meta":{"_monsterinsights_skip_tracking":false,"_monsterinsights_sitenote_active":false,"_monsterinsights_sitenote_note":"","_monsterinsights_sitenote_category":0,"_EventAllDay":false,"_EventTimezone":"Europe\/Paris","_EventStartDate":"2024-06-02 08:00:00","_EventEndDate":"2024-06-05 17:00:00","_EventStartDateUTC":"2024-06-02 06:00:00","_EventEndDateUTC":"2024-06-05 15:00:00","_EventShowMap":false,"_EventShowMapLink":false,"_EventURL":"","_EventCost":"","_EventCostDescription":"","_EventCurrencySymbol":"\u20ac","_EventCurrencyCode":"EUR","_EventCurrencyPosition":"suffix","_EventDateTimeSeparator":" @ ","_EventTimeRangeSeparator":" - ","_EventOrganizerID":[],"_EventVenueID":[529],"_OrganizerEmail":"","_OrganizerPhone":"","_OrganizerWebsite":"","_VenueAddress":"","_VenueCity":"","_VenueCountry":"","_VenueProvince":"","_VenueState":"","_VenueZip":"","_VenuePhone":"","_VenueURL":"","_VenueStateProvince":"","_VenueLat":"","_VenueLng":"","_VenueShowMap":false,"_VenueShowMapLink":false,"_tribe_events_status":"","_tribe_events_status_reason":"","footnotes":""},"tags":[],"tribe_events_cat":[],"class_list":["post-527","tribe_events","type-tribe_events","status-publish","has-post-thumbnail","hentry"],"yoast_head":"<!-- This site is optimized with the Yoast SEO plugin v26.7 - https:\/\/yoast.com\/wordpress\/plugins\/seo\/ -->\n<title>Les bateaux de Normandie f\u00eate le 80e anniversaire du D-DAY - Cherbourg 1944<\/title>\n<meta name=\"robots\" content=\"index, follow, max-snippet:-1, max-image-preview:large, max-video-preview:-1\" \/>\n<link rel=\"canonical\" href=\"https:\/\/www.cherbourg44.fr\/index.php\/evenement\/les-bateaux-de-normandie-fete-le-80e-anniversaire-du-dday\/\" \/>\n<meta property=\"og:locale\" content=\"fr_FR\" \/>\n<meta property=\"og:type\" content=\"article\" \/>\n<meta property=\"og:title\" content=\"Les bateaux de Normandie f\u00eate le 80e anniversaire du D-DAY - Cherbourg 1944\" \/>\n<meta property=\"og:description\" content=\"Les bateaux seront expos\u00e9s au quai Lamy dans le nouveau bassin pr\u00e8s de l\u2019Ecole de voile de Caen-Mondeville.&nbsp; Bateaux de Normandie, association loi 1901, a \u00e9t\u00e9 fond\u00e9e en 2018, afin d&rsquo;\u0153uvrer \u00e0 la sauvegarde du patrimoine maritime normand, dont une partie allait dispara\u00eetre. Plus d&rsquo;informations\" \/>\n<meta property=\"og:url\" content=\"https:\/\/www.cherbourg44.fr\/index.php\/evenement\/les-bateaux-de-normandie-fete-le-80e-anniversaire-du-dday\/\" \/>\n<meta property=\"og:site_name\" content=\"Cherbourg 1944\" \/>\n<meta property=\"article:modified_time\" content=\"2024-06-02T05:38:14+00:00\" \/>\n<meta property=\"og:image\" content=\"https:\/\/www.cherbourg44.fr\/wp-content\/uploads\/2024\/05\/441528771_857687989726518_5153323129990096089_n.jpeg\" \/>\n\t<meta property=\"og:image:width\" content=\"1080\" \/>\n\t<meta property=\"og:image:height\" content=\"1440\" \/>\n\t<meta property=\"og:image:type\" content=\"image\/jpeg\" \/>\n<meta name=\"twitter:card\" content=\"summary_large_image\" \/>\n<meta name=\"twitter:label1\" content=\"Dur\u00e9e de lecture estim\u00e9e\" \/>\n\t<meta name=\"twitter:data1\" content=\"2 minutes\" \/>\n<script type=\"application\/ld+json\" class=\"yoast-schema-graph\">{\"@context\":\"https:\/\/schema.org\",\"@graph\":[{\"@type\":\"WebPage\",\"@id\":\"https:\/\/www.cherbourg44.fr\/index.php\/evenement\/les-bateaux-de-normandie-fete-le-80e-anniversaire-du-dday\/\",\"url\":\"https:\/\/www.cherbourg44.fr\/index.php\/evenement\/les-bateaux-de-normandie-fete-le-80e-anniversaire-du-dday\/\",\"name\":\"Les bateaux de Normandie f\u00eate le 80e anniversaire du D-DAY - Cherbourg 1944\",\"isPartOf\":{\"@id\":\"https:\/\/www.cherbourg44.fr\/#website\"},\"primaryImageOfPage\":{\"@id\":\"https:\/\/www.cherbourg44.fr\/index.php\/evenement\/les-bateaux-de-normandie-fete-le-80e-anniversaire-du-dday\/#primaryimage\"},\"image\":{\"@id\":\"https:\/\/www.cherbourg44.fr\/index.php\/evenement\/les-bateaux-de-normandie-fete-le-80e-anniversaire-du-dday\/#primaryimage\"},\"thumbnailUrl\":\"https:\/\/www.cherbourg44.fr\/wp-content\/uploads\/2024\/05\/441528771_857687989726518_5153323129990096089_n.jpeg\",\"datePublished\":\"2024-05-30T07:41:37+00:00\",\"dateModified\":\"2024-06-02T05:38:14+00:00\",\"breadcrumb\":{\"@id\":\"https:\/\/www.cherbourg44.fr\/index.php\/evenement\/les-bateaux-de-normandie-fete-le-80e-anniversaire-du-dday\/#breadcrumb\"},\"inLanguage\":\"fr-FR\",\"potentialAction\":[{\"@type\":\"ReadAction\",\"target\":[\"https:\/\/www.cherbourg44.fr\/index.php\/evenement\/les-bateaux-de-normandie-fete-le-80e-anniversaire-du-dday\/\"]}]},{\"@type\":\"ImageObject\",\"inLanguage\":\"fr-FR\",\"@id\":\"https:\/\/www.cherbourg44.fr\/index.php\/evenement\/les-bateaux-de-normandie-fete-le-80e-anniversaire-du-dday\/#primaryimage\",\"url\":\"https:\/\/www.cherbourg44.fr\/wp-content\/uploads\/2024\/05\/441528771_857687989726518_5153323129990096089_n.jpeg\",\"contentUrl\":\"https:\/\/www.cherbourg44.fr\/wp-content\/uploads\/2024\/05\/441528771_857687989726518_5153323129990096089_n.jpeg\",\"width\":1080,\"height\":1440},{\"@type\":\"BreadcrumbList\",\"@id\":\"https:\/\/www.cherbourg44.fr\/index.php\/evenement\/les-bateaux-de-normandie-fete-le-80e-anniversaire-du-dday\/#breadcrumb\",\"itemListElement\":[{\"@type\":\"ListItem\",\"position\":1,\"name\":\"Accueil\",\"item\":\"https:\/\/www.cherbourg44.fr\/\"},{\"@type\":\"ListItem\",\"position\":2,\"name\":\"\u00c9v\u00e8nements\",\"item\":\"https:\/\/www.cherbourg44.fr\/index.php\/calendrier\/\"},{\"@type\":\"ListItem\",\"position\":3,\"name\":\"Les bateaux de Normandie f\u00eate le 80e anniversaire du D-DAY\"}]},{\"@type\":\"WebSite\",\"@id\":\"https:\/\/www.cherbourg44.fr\/#website\",\"url\":\"https:\/\/www.cherbourg44.fr\/\",\"name\":\"Cherbourg 1944\",\"description\":\"Association de Reconstitution Historique\",\"potentialAction\":[{\"@type\":\"SearchAction\",\"target\":{\"@type\":\"EntryPoint\",\"urlTemplate\":\"https:\/\/www.cherbourg44.fr\/?s={search_term_string}\"},\"query-input\":{\"@type\":\"PropertyValueSpecification\",\"valueRequired\":true,\"valueName\":\"search_term_string\"}}],\"inLanguage\":\"fr-FR\"}]}<\/script>\n<!-- \/ Yoast SEO plugin. -->","yoast_head_json":{"title":"Les bateaux de Normandie f\u00eate le 80e anniversaire du D-DAY - Cherbourg 1944","robots":{"index":"index","follow":"follow","max-snippet":"max-snippet:-1","max-image-preview":"max-image-preview:large","max-video-preview":"max-video-preview:-1"},"canonical":"https:\/\/www.cherbourg44.fr\/index.php\/evenement\/les-bateaux-de-normandie-fete-le-80e-anniversaire-du-dday\/","og_locale":"fr_FR","og_type":"article","og_title":"Les bateaux de Normandie f\u00eate le 80e anniversaire du D-DAY - Cherbourg 1944","og_description":"Les bateaux seront expos\u00e9s au quai Lamy dans le nouveau bassin pr\u00e8s de l\u2019Ecole de voile de Caen-Mondeville.&nbsp; Bateaux de Normandie, association loi 1901, a \u00e9t\u00e9 fond\u00e9e en 2018, afin d&rsquo;\u0153uvrer \u00e0 la sauvegarde du patrimoine maritime normand, dont une partie allait dispara\u00eetre. Plus d&rsquo;informations","og_url":"https:\/\/www.cherbourg44.fr\/index.php\/evenement\/les-bateaux-de-normandie-fete-le-80e-anniversaire-du-dday\/","og_site_name":"Cherbourg 1944","article_modified_time":"2024-06-02T05:38:14+00:00","og_image":[{"width":1080,"height":1440,"url":"https:\/\/www.cherbourg44.fr\/wp-content\/uploads\/2024\/05\/441528771_857687989726518_5153323129990096089_n.jpeg","type":"image\/jpeg"}],"twitter_card":"summary_large_image","twitter_misc":{"Dur\u00e9e de lecture estim\u00e9e":"2 minutes"},"schema":{"@context":"https:\/\/schema.org","@graph":[{"@type":"WebPage","@id":"https:\/\/www.cherbourg44.fr\/index.php\/evenement\/les-bateaux-de-normandie-fete-le-80e-anniversaire-du-dday\/","url":"https:\/\/www.cherbourg44.fr\/index.php\/evenement\/les-bateaux-de-normandie-fete-le-80e-anniversaire-du-dday\/","name":"Les bateaux de Normandie f\u00eate le 80e anniversaire du D-DAY - Cherbourg 1944","isPartOf":{"@id":"https:\/\/www.cherbourg44.fr\/#website"},"primaryImageOfPage":{"@id":"https:\/\/www.cherbourg44.fr\/index.php\/evenement\/les-bateaux-de-normandie-fete-le-80e-anniversaire-du-dday\/#primaryimage"},"image":{"@id":"https:\/\/www.cherbourg44.fr\/index.php\/evenement\/les-bateaux-de-normandie-fete-le-80e-anniversaire-du-dday\/#primaryimage"},"thumbnailUrl":"https:\/\/www.cherbourg44.fr\/wp-content\/uploads\/2024\/05\/441528771_857687989726518_5153323129990096089_n.jpeg","datePublished":"2024-05-30T07:41:37+00:00","dateModified":"2024-06-02T05:38:14+00:00","breadcrumb":{"@id":"https:\/\/www.cherbourg44.fr\/index.php\/evenement\/les-bateaux-de-normandie-fete-le-80e-anniversaire-du-dday\/#breadcrumb"},"inLanguage":"fr-FR","potentialAction":[{"@type":"ReadAction","target":["https:\/\/www.cherbourg44.fr\/index.php\/evenement\/les-bateaux-de-normandie-fete-le-80e-anniversaire-du-dday\/"]}]},{"@type":"ImageObject","inLanguage":"fr-FR","@id":"https:\/\/www.cherbourg44.fr\/index.php\/evenement\/les-bateaux-de-normandie-fete-le-80e-anniversaire-du-dday\/#primaryimage","url":"https:\/\/www.cherbourg44.fr\/wp-content\/uploads\/2024\/05\/441528771_857687989726518_5153323129990096089_n.jpeg","contentUrl":"https:\/\/www.cherbourg44.fr\/wp-content\/uploads\/2024\/05\/441528771_857687989726518_5153323129990096089_n.jpeg","width":1080,"height":1440},{"@type":"BreadcrumbList","@id":"https:\/\/www.cherbourg44.fr\/index.php\/evenement\/les-bateaux-de-normandie-fete-le-80e-anniversaire-du-dday\/#breadcrumb","itemListElement":[{"@type":"ListItem","position":1,"name":"Accueil","item":"https:\/\/www.cherbourg44.fr\/"},{"@type":"ListItem","position":2,"name":"\u00c9v\u00e8nements","item":"https:\/\/www.cherbourg44.fr\/index.php\/calendrier\/"},{"@type":"ListItem","position":3,"name":"Les bateaux de Normandie f\u00eate le 80e anniversaire du D-DAY"}]},{"@type":"WebSite","@id":"https:\/\/www.cherbourg44.fr\/#website","url":"https:\/\/www.cherbourg44.fr\/","name":"Cherbourg 1944","description":"Association de Reconstitution Historique","potentialAction":[{"@type":"SearchAction","target":{"@type":"EntryPoint","urlTemplate":"https:\/\/www.cherbourg44.fr\/?s={search_term_string}"},"query-input":{"@type":"PropertyValueSpecification","valueRequired":true,"valueName":"search_term_string"}}],"inLanguage":"fr-FR"}]}},"_links":{"self":[{"href":"https:\/\/www.cherbourg44.fr\/index.php\/wp-json\/wp\/v2\/tribe_events\/527","targetHints":{"allow":["GET"]}}],"collection":[{"href":"https:\/\/www.cherbourg44.fr\/index.php\/wp-json\/wp\/v2\/tribe_events"}],"about":[{"href":"https:\/\/www.cherbourg44.fr\/index.php\/wp-json\/wp\/v2\/types\/tribe_events"}],"author":[{"embeddable":true,"href":"https:\/\/www.cherbourg44.fr\/index.php\/wp-json\/wp\/v2\/users\/1"}],"version-history":[{"count":4,"href":"https:\/\/www.cherbourg44.fr\/index.php\/wp-json\/wp\/v2\/tribe_events\/527\/revisions"}],"predecessor-version":[{"id":535,"href":"https:\/\/www.cherbourg44.fr\/index.php\/wp-json\/wp\/v2\/tribe_events\/527\/revisions\/535"}],"wp:featuredmedia":[{"embeddable":true,"href":"https:\/\/www.cherbourg44.fr\/index.php\/wp-json\/wp\/v2\/media\/528"}],"wp:attachment":[{"href":"https:\/\/www.cherbourg44.fr\/index.php\/wp-json\/wp\/v2\/media?parent=527"}],"wp:term":[{"taxonomy":"post_tag","embeddable":true,"href":"https:\/\/www.cherbourg44.fr\/index.php\/wp-json\/wp\/v2\/tags?post=527"},{"taxonomy":"tribe_events_cat","embeddable":true,"href":"https:\/\/www.cherbourg44.fr\/index.php\/wp-json\/wp\/v2\/tribe_events_cat?post=527"}],"curies":[{"name":"wp","href":"https:\/\/api.w.org\/{rel}","templated":true}]}}