{"id":774,"date":"2025-04-16T22:24:04","date_gmt":"2025-04-16T20:24:04","guid":{"rendered":"https:\/\/www.cherbourg44.fr\/?post_type=tribe_events&#038;p=774"},"modified":"2025-04-16T22:32:33","modified_gmt":"2025-04-16T20:32:33","slug":"carnaval-de-cherbourg","status":"publish","type":"tribe_events","link":"https:\/\/www.cherbourg44.fr\/index.php\/evenement\/carnaval-de-cherbourg\/","title":{"rendered":"Carnaval de Cherbourg"},"content":{"rendered":"<div  class=\"tribe-events-schedule tribe-clearfix\" >\n\t<p class=\"tribe-events-schedule__datetime\">\n\t\t<span class=\"tribe-events-schedule__date tribe-events-schedule__date--start\">\n\t\t\t2 avril, 2025\t\t<\/span>\n\n\t\t\t\t\t<span class=\"tribe-events-schedule__separator tribe-events-schedule__separator--date\">\n\t\t\t\t @ \t\t\t<\/span>\n\t\t\t<span class=\"tribe-events-schedule__time tribe-events-schedule__time--start\">\n\t\t\t\t10:00\t\t\t<\/span>\n\t\t\n\t\t\t\t\t\t\t\t\t<span class=\"tribe-events-schedule__separator tribe-events-schedule__separator--time\">\n\t\t\t\t\t &#8211; \t\t\t\t<\/span>\n\t\t\t\n\t\t\t\t\t\t\t<span class=\"tribe-events-schedule__date tribe-events-schedule__date--end\">\n\t\t\t\t\t6 avril, 2025\t\t\t\t<\/span>\n\n\t\t\t\t\t\t\t\t\t<span class=\"tribe-events-schedule__separator tribe-events-schedule__separator--date\">\n\t\t\t\t\t\t @ \t\t\t\t\t<\/span>\n\t\t\t\t\t<span class=\"tribe-events-schedule__time tribe-events-schedule__time--end\">\n\t\t\t\t\t\t17:00\t\t\t\t\t<\/span>\n\t\t\t\t\n\t\t\t\n\t\t\t\t\t\t<\/p>\n<\/div>\n\n\n\n<figure class=\"wp-block-image size-large\"><img fetchpriority=\"high\" decoding=\"async\" width=\"1024\" height=\"512\" src=\"https:\/\/www.cherbourg44.fr\/wp-content\/uploads\/2025\/04\/486667968_1072866128205672_6736297082329775211_n-1024x512.jpg\" alt=\"\" class=\"wp-image-779\" srcset=\"https:\/\/www.cherbourg44.fr\/wp-content\/uploads\/2025\/04\/486667968_1072866128205672_6736297082329775211_n-1024x512.jpg 1024w, https:\/\/www.cherbourg44.fr\/wp-content\/uploads\/2025\/04\/486667968_1072866128205672_6736297082329775211_n-300x150.jpg 300w, https:\/\/www.cherbourg44.fr\/wp-content\/uploads\/2025\/04\/486667968_1072866128205672_6736297082329775211_n-768x384.jpg 768w, https:\/\/www.cherbourg44.fr\/wp-content\/uploads\/2025\/04\/486667968_1072866128205672_6736297082329775211_n-1536x768.jpg 1536w, https:\/\/www.cherbourg44.fr\/wp-content\/uploads\/2025\/04\/486667968_1072866128205672_6736297082329775211_n-2048x1024.jpg 2048w\" sizes=\"(max-width: 1024px) 100vw, 1024px\" \/><\/figure>\n\n\n\n<p><img decoding=\"async\" height=\"16\" width=\"16\" alt=\"\u2728\" src=\"https:\/\/static.xx.fbcdn.net\/images\/emoji.php\/v9\/t75\/2\/16\/2728.png\"> La New Cherbourg Society s\u2019invite samedi prochain \u00e0 la salle des f\u00eates (place centrale) dans le cadre du <a href=\"https:\/\/www.facebook.com\/groups\/927977307376244\/user\/100055134891767\/?__cft__[0]=AZXc2kThwCIHL_sGwl-zYnNeFEyeWrJ4-9EHByYZVtt-A9AQ9eUFy-mx9HHil1KEpSYUS0RgruSVCIECntZ5BsaMbMRZAuhf1tNSPvl4R6nP6I4uJoQamfNiEbkwCt7BSUnb26nzl2Y-z_EjPsS0S-5yZT0K4G3zKKPk06sInxDxb39VADomxixMmIXlvsA_2J0OA00d8judGE8OgLskZh0K&amp;__tn__=-]K-R\">Carnaval de Cherbourg-en-Cotentin<\/a> ! <img decoding=\"async\" height=\"16\" width=\"16\" alt=\"\u2728\" src=\"https:\/\/static.xx.fbcdn.net\/images\/emoji.php\/v9\/t75\/2\/16\/2728.png\"><\/p>\n\n\n\n<p><a><\/a>Plongez dans l\u2019univers captivant de New Cherbourg Stories lors d\u2019une journ\u00e9e exceptionnelle !<\/p>\n\n\n\n<p><strong>Au programme :<\/strong><\/p>\n\n\n\n<p><img decoding=\"async\" height=\"16\" width=\"16\" alt=\"\ud83c\udfa8\" src=\"https:\/\/static.xx.fbcdn.net\/images\/emoji.php\/v9\/t21\/2\/16\/1f3a8.png\"> Exposition des illustrations de Romuald Reutimann, l\u2019artiste derri\u00e8re l\u2019univers graphique de la bande dessin\u00e9e.<\/p>\n\n\n\n<p><img loading=\"lazy\" decoding=\"async\" height=\"16\" width=\"16\" alt=\"\ud83c\udfad\" src=\"https:\/\/static.xx.fbcdn.net\/images\/emoji.php\/v9\/t4d\/2\/16\/1f3ad.png\"> Immersion historique avec l\u2019association <a href=\"https:\/\/www.facebook.com\/groups\/927977307376244\/user\/100064559747244\/?__cft__[0]=AZXc2kThwCIHL_sGwl-zYnNeFEyeWrJ4-9EHByYZVtt-A9AQ9eUFy-mx9HHil1KEpSYUS0RgruSVCIECntZ5BsaMbMRZAuhf1tNSPvl4R6nP6I4uJoQamfNiEbkwCt7BSUnb26nzl2Y-z_EjPsS0S-5yZT0K4G3zKKPk06sInxDxb39VADomxixMmIXlvsA_2J0OA00d8judGE8OgLskZh0K&amp;__tn__=-]K-R\">Cherbourg 44<\/a>, qui recr\u00e9e l\u2019ambiance de l\u2019\u00e9poque \u00e0 travers d\u00e9cors et costumes.<\/p>\n\n\n\n<p><img loading=\"lazy\" decoding=\"async\" height=\"16\" width=\"16\" alt=\"\ud83c\udfb6\" src=\"https:\/\/static.xx.fbcdn.net\/images\/emoji.php\/v9\/tbe\/2\/16\/1f3b6.png\"> Deux concerts du groupe Amivoix, qui vous fera voyager avec un r\u00e9pertoire musical d\u2019avant-guerre (14h00 et 16h00).<\/p>\n\n\n\n<p><img loading=\"lazy\" decoding=\"async\" height=\"16\" width=\"16\" alt=\"\ud83c\udf7a\" src=\"https:\/\/static.xx.fbcdn.net\/images\/emoji.php\/v9\/tb4\/2\/16\/1f37a.png\"><img loading=\"lazy\" decoding=\"async\" height=\"16\" width=\"16\" alt=\"\ud83c\udf6a\" src=\"https:\/\/static.xx.fbcdn.net\/images\/emoji.php\/v9\/t15\/2\/16\/1f36a.png\"> Pause gourmande avec l\u2019<a href=\"https:\/\/www.facebook.com\/groups\/927977307376244\/user\/61551915426155\/?__cft__[0]=AZXc2kThwCIHL_sGwl-zYnNeFEyeWrJ4-9EHByYZVtt-A9AQ9eUFy-mx9HHil1KEpSYUS0RgruSVCIECntZ5BsaMbMRZAuhf1tNSPvl4R6nP6I4uJoQamfNiEbkwCt7BSUnb26nzl2Y-z_EjPsS0S-5yZT0K4G3zKKPk06sInxDxb39VADomxixMmIXlvsA_2J0OA00d8judGE8OgLskZh0K&amp;__tn__=-]K-R\">APE Les Cartables de Marie Lamotte<\/a> : stand sucr\u00e9 et bi\u00e8re pour agr\u00e9menter votre visite.<\/p>\n\n\n\n<p><img loading=\"lazy\" decoding=\"async\" height=\"16\" width=\"16\" alt=\"\ud83d\udea2\" src=\"https:\/\/static.xx.fbcdn.net\/images\/emoji.php\/v9\/tde\/2\/16\/1f6a2.png\"> Exposition du char sur le th\u00e8me de New Cherbourg, r\u00e9alis\u00e9 par l\u2019association le <a href=\"https:\/\/www.facebook.com\/groups\/927977307376244\/user\/100067293805852\/?__cft__[0]=AZXc2kThwCIHL_sGwl-zYnNeFEyeWrJ4-9EHByYZVtt-A9AQ9eUFy-mx9HHil1KEpSYUS0RgruSVCIECntZ5BsaMbMRZAuhf1tNSPvl4R6nP6I4uJoQamfNiEbkwCt7BSUnb26nzl2Y-z_EjPsS0S-5yZT0K4G3zKKPk06sInxDxb39VADomxixMmIXlvsA_2J0OA00d8judGE8OgLskZh0K&amp;__tn__=-]K-R\">Village des Goublins<\/a>.<\/p>\n\n\n\n<p>www.carnaval-cherbourg.fr<br>https:\/\/www.facebook.com\/NewCherbourgStories<\/p>\n\n\n<div  class=\"tribe-block tribe-block__organizer__details tribe-clearfix\" >\n\t<div class=\"tribe-block__organizer__title\">\n\t\t<h3>Office du Tourisme du Cotentin<\/h3>\n\t<\/div>\n\t\t\t\t<p class=\"tribe-block__organizer__website\"><a href=\"https:\/\/www.encotentin.fr\/\" target=\"_self\" rel=\"external\">Voir le site Organisateur<\/a><\/p>\n\t\t<\/div>\n\n\n<div  class=\"tribe-block tribe-block__venue tribe-clearfix tribe-block__venue--has-map\" >\n\t\n\t\n<div class=\"tribe-block__venue__meta\">\n\t<div class=\"tribe-block__venue__name\">\n\t\t<h3>Salle des f\u00eates &#8211; Place centrale &#8211; rue Grande Rue, 50100 Cherbourg En Cotentin<\/h3>\n\t<\/div>\n\n\t\n\t\t\t\t\t\t<address class=\"tribe-block__venue__address\">\n\t\t\t\t<span class=\"tribe-address\">\n\n<span class=\"tribe-street-address\">rue Grande Rue<\/span>\n\t\n\t\t<br>\n\t\t<span class=\"tribe-locality\">Cherbourg-en-Cotentin<\/span><span class=\"tribe-delimiter\">,<\/span>\n\n\t<abbr class=\"tribe-region tribe-events-abbr\" title=\"S\u00e9lectionner un \u00c9tat :\">S\u00e9lectionner un \u00c9tat :<\/abbr>\n\n\t<span class=\"tribe-postal-code\">50100<\/span>\n\n\t<span class=\"tribe-country-name\">France<\/span>\n\n<\/span>\n\n\t\t\t\t\t\t\t\t\t<a class=\"tribe-events-gmap\" href=\"https:\/\/maps.google.com\/maps?f=q&#038;source=s_q&#038;hl=en&#038;geocode=&#038;q=rue+Grande+Rue+Cherbourg-en-Cotentin+S%C3%A9lectionner+un+%C3%89tat+%3A+50100+France\" title=\"Cliquez pour voir une carte Google Map\" target=\"_blank\" rel=\"noreferrer noopener\">+ Google Map<\/a>\t\t\t\t\t\t\t<\/address>\n\t\t\n\t\t\n\t\t\t\n\t<\/div>\n\t\n<div class=\"tribe-block__venue__map\">\n\t\n<iframe\n  title=\"L\u2018iframe Google maps affichant l\u2019adresse \u00e0 Salle des f\u00eates &#8211; Place centrale &#8211; rue Grande Rue, 50100 Cherbourg En Cotentin\"\n  aria-label=\"Plan des lieux\"\n  width=\"310px\"\n  height=\"256px\"\n  frameborder=\"0\" style=\"border:0\"\n  src=\"https:\/\/www.google.com\/maps\/embed\/v1\/place?key=AIzaSyDNsicAsP6-VuGtAb1O9riI3oc_NOb7IOU&#038;q=rue+Grande+Rue+Cherbourg-en-Cotentin+S%C3%A9lectionner+un+%C3%89tat+%3A+S%C3%A9lectionner+un+%C3%89tat+%3A+50100+France+&#038;zoom=10\" allowfullscreen>\n<\/iframe>\n<\/div>\n\n\t<\/div>\n\n\n\n\n\t<div  class=\"tribe-block tribe-block__events-link\" >\n\t\t<div class=\"tribe-events tribe-common\">\n\t\t\t<div class=\"tribe-events-c-subscribe-dropdown__container\">\n\t\t\t\t<div class=\"tribe-events-c-subscribe-dropdown\">\n\t\t\t\t\t<div class=\"tribe-common-c-btn-border tribe-events-c-subscribe-dropdown__button\">\n\t\t\t\t\t\t<svg\n\t class=\"tribe-common-c-svgicon tribe-common-c-svgicon--cal-export tribe-events-c-subscribe-dropdown__export-icon\" \taria-hidden=\"true\"\n\tviewBox=\"0 0 23 17\"\n\txmlns=\"http:\/\/www.w3.org\/2000\/svg\"\n>\n\t<path fill-rule=\"evenodd\" clip-rule=\"evenodd\" d=\"M.128.896V16.13c0 .211.145.383.323.383h15.354c.179 0 .323-.172.323-.383V.896c0-.212-.144-.383-.323-.383H.451C.273.513.128.684.128.896Zm16 6.742h-.901V4.679H1.009v10.729h14.218v-3.336h.901V7.638ZM1.01 1.614h14.218v2.058H1.009V1.614Z\" \/>\n\t<path d=\"M20.5 9.846H8.312M18.524 6.953l2.89 2.909-2.855 2.855\" stroke-width=\"1.2\" stroke-linecap=\"round\" stroke-linejoin=\"round\"\/>\n<\/svg>\n\t\t\t\t\t\t<button\n\t\t\t\t\t\t\tclass=\"tribe-events-c-subscribe-dropdown__button-text\"\n\t\t\t\t\t\t\taria-expanded=\"false\"\n\t\t\t\t\t\t\taria-controls=\"tribe-events-subscribe-dropdown-content\"\n\t\t\t\t\t\t\taria-label=\"Afficher les liens permettant d\u2019ajouter des \u00e9v\u00e8nements \u00e0 votre calendrier\"\n\t\t\t\t\t\t>\n\t\t\t\t\t\t\tAjouter au calendrier\t\t\t\t\t\t<\/button>\n\t\t\t\t\t\t<svg\n\t class=\"tribe-common-c-svgicon tribe-common-c-svgicon--caret-down tribe-events-c-subscribe-dropdown__button-icon\" \taria-hidden=\"true\"\n\tviewBox=\"0 0 10 7\"\n\txmlns=\"http:\/\/www.w3.org\/2000\/svg\"\n>\n\t<path fill-rule=\"evenodd\" clip-rule=\"evenodd\" d=\"M1.008.609L5 4.6 8.992.61l.958.958L5 6.517.05 1.566l.958-.958z\" class=\"tribe-common-c-svgicon__svg-fill\"\/>\n<\/svg>\n\t\t\t\t\t<\/div>\n\t\t\t\t\t<div id=\"tribe-events-subscribe-dropdown-content\" class=\"tribe-events-c-subscribe-dropdown__content\">\n\t\t\t\t\t\t<ul class=\"tribe-events-c-subscribe-dropdown__list\">\n\t\t\t\t\t\t\t\t\t\t\t\t\t\t\t<li class=\"tribe-events-c-subscribe-dropdown__list-item tribe-events-c-subscribe-dropdown__list-item--gcal\">\n\t\t\t\t\t\t\t\t\t<a\n\t\t\t\t\t\t\t\t\t\thref=\"https:\/\/www.google.com\/calendar\/event?action=TEMPLATE&#038;dates=20250402T100000\/20250406T170000&#038;text=Carnaval%20de%20Cherbourg&#038;details=%3Cfigure+class%3D%22wp-block-image+size-large%22%3E%3Cimg+src%3D%22https%3A%2F%2Fwww.cherbourg44.fr%2Fwp-content%2Fuploads%2F2025%2F04%2F486667968_1072866128205672_6736297082329775211_n-1024x512.jpg%22+alt%3D%22%22+class%3D%22wp-image-779%22%2F%3E%3C%2Ffigure%3E%3Cp%3E%3Cimg+height%3D%2216%22+width%3D%2216%22+alt%3D%22%E2%9C%A8%22+src%3D%22https%3A%2F%2Fstatic.xx.fbcdn.net%2Fimages%2Femoji.php%2Fv9%2Ft75%2F2%2F16%2F2728.png%22%2F%3E+La+New+Cherbourg+Society+s%E2%80%99invite+samedi+prochain+%C3%A0+la+salle+des+f%C3%AAtes+%28place+centrale%29+dans+le+cadre+du+%3Ca+href%3D%22https%3A%2F%2Fwww.facebook.com%2Fgroups%2F927977307376244%2Fuser%2F100055134891767%2F%3F__cft__%5B0%5D%3DAZXc2kThwCIHL_sGwl-zYnNeFEyeWrJ4-9EHByYZVtt-A9AQ9eUFy-mx9HHil1KEpSYUS0RgruSVCIECntZ5BsaMbMRZAuhf1tNSPvl4R6nP6I4uJoQamfNiEbkwCt7BSUnb26nzl2Y-z_EjPsS0S-5yZT0K4G3zKKPk06sInxDxb39VADomxixMmIXlvsA_2J0OA00d8judGE8OgLskZh0K%26amp%3B__tn__%3D-%5DK-R%22%3ECarnaval+de+Cherbourg-en-Cotentin%3C%2Fa%3E+%21+%3Cimg+height%3D%2216%22+width%3D%2216%22+alt%3D%22%E2%9C%A8%22+src%3D%22https%3A%2F%2Fstatic.xx.fbcdn.net%2Fimages%2Femoji.php%2Fv9%2Ft75%2F2%2F16%2F2728.png%22%2F%3E%3C%2Fp%3E+%3Cp%3E%3Ca%3E%3C%2Fa%3EPlongez+dans+l%E2%80%99univers+captivant+de+New+Cherbourg+Stories+lors+%3C%2Fp%3E%28Voir+toute+la+description+de+%C3%A9v%C3%A8nement+ici%C2%A0%3A+https%3A%2F%2Fwww.cherbourg44.fr%2Findex.php%2Fevenement%2Fcarnaval-de-cherbourg%2F%29&#038;location=Salle%20des%20f\u00eates%20&#8211;%20Place%20centrale%20&#8211;%20rue%20Grande%20Rue,%2050100%20Cherbourg%20En%20Cotentin,%20rue%20Grande%20Rue,%20Cherbourg-en-Cotentin,%20S\u00e9lectionner%20un%20\u00c9tat%20:,%2050100,%20France&#038;trp=false&#038;ctz=Europe\/Paris&#038;sprop=website:https:\/\/www.cherbourg44.fr\"\n\t\t\t\t\t\t\t\t\t\tclass=\"tribe-events-c-subscribe-dropdown__list-item-link\"\n\t\t\t\t\t\t\t\t\t\ttarget=\"_blank\"\n\t\t\t\t\t\t\t\t\t\trel=\"noopener noreferrer nofollow noindex\"\n\t\t\t\t\t\t\t\t\t>\n\t\t\t\t\t\t\t\t\t\tGoogle Agenda\t\t\t\t\t\t\t\t\t<\/a>\n\t\t\t\t\t\t\t\t<\/li>\n\t\t\t\t\t\t\t\t\t\t\t\t\t\t\t<li class=\"tribe-events-c-subscribe-dropdown__list-item tribe-events-c-subscribe-dropdown__list-item--ical\">\n\t\t\t\t\t\t\t\t\t<a\n\t\t\t\t\t\t\t\t\t\thref=\"\"\n\t\t\t\t\t\t\t\t\t\tclass=\"tribe-events-c-subscribe-dropdown__list-item-link\"\n\t\t\t\t\t\t\t\t\t\ttarget=\"_blank\"\n\t\t\t\t\t\t\t\t\t\trel=\"noopener noreferrer nofollow noindex\"\n\t\t\t\t\t\t\t\t\t>\n\t\t\t\t\t\t\t\t\t\tiCalendar\t\t\t\t\t\t\t\t\t<\/a>\n\t\t\t\t\t\t\t\t<\/li>\n\t\t\t\t\t\t\t\t\t\t\t\t\t\t\t<li class=\"tribe-events-c-subscribe-dropdown__list-item tribe-events-c-subscribe-dropdown__list-item--outlook-365\">\n\t\t\t\t\t\t\t\t\t<a\n\t\t\t\t\t\t\t\t\t\thref=\"\"\n\t\t\t\t\t\t\t\t\t\tclass=\"tribe-events-c-subscribe-dropdown__list-item-link\"\n\t\t\t\t\t\t\t\t\t\ttarget=\"_blank\"\n\t\t\t\t\t\t\t\t\t\trel=\"noopener noreferrer nofollow noindex\"\n\t\t\t\t\t\t\t\t\t>\n\t\t\t\t\t\t\t\t\t\tOutlook 365\t\t\t\t\t\t\t\t\t<\/a>\n\t\t\t\t\t\t\t\t<\/li>\n\t\t\t\t\t\t\t\t\t\t\t\t\t\t\t<li class=\"tribe-events-c-subscribe-dropdown__list-item tribe-events-c-subscribe-dropdown__list-item--outlook-live\">\n\t\t\t\t\t\t\t\t\t<a\n\t\t\t\t\t\t\t\t\t\thref=\"\"\n\t\t\t\t\t\t\t\t\t\tclass=\"tribe-events-c-subscribe-dropdown__list-item-link\"\n\t\t\t\t\t\t\t\t\t\ttarget=\"_blank\"\n\t\t\t\t\t\t\t\t\t\trel=\"noopener noreferrer nofollow noindex\"\n\t\t\t\t\t\t\t\t\t>\n\t\t\t\t\t\t\t\t\t\tOutlook Live\t\t\t\t\t\t\t\t\t<\/a>\n\t\t\t\t\t\t\t\t<\/li>\n\t\t\t\t\t\t\t\t\t\t\t\t\t<\/ul>\n\t\t\t\t\t<\/div>\n\t\t\t\t<\/div>\n\t\t\t<\/div>\n\t\t<\/div>\n\t<\/div>\n\n","protected":false},"excerpt":{"rendered":"<p>La New Cherbourg Society s\u2019invite samedi prochain \u00e0 la salle des f\u00eates (place centrale) dans le cadre du Carnaval de Cherbourg-en-Cotentin ! Plongez dans l\u2019univers captivant de New Cherbourg Stories lors d\u2019une journ\u00e9e exceptionnelle ! Au programme : Exposition des illustrations de Romuald Reutimann, l\u2019artiste derri\u00e8re l\u2019univers graphique de la bande dessin\u00e9e. Immersion historique avec&hellip;<\/p>\n","protected":false},"author":1,"featured_media":776,"template":"","meta":{"_monsterinsights_skip_tracking":false,"_monsterinsights_sitenote_active":false,"_monsterinsights_sitenote_note":"","_monsterinsights_sitenote_category":0,"_EventAllDay":false,"_EventTimezone":"Europe\/Paris","_EventStartDate":"2025-04-02 10:00:00","_EventEndDate":"2025-04-06 17:00:00","_EventStartDateUTC":"2025-04-02 08:00:00","_EventEndDateUTC":"2025-04-06 15:00:00","_EventShowMap":false,"_EventShowMapLink":false,"_EventURL":"","_EventCost":"","_EventCostDescription":"","_EventCurrencySymbol":"\u20ac","_EventCurrencyCode":"EUR","_EventCurrencyPosition":"suffix","_EventDateTimeSeparator":" @ ","_EventTimeRangeSeparator":" - ","_EventOrganizerID":[777],"_EventVenueID":[778],"_OrganizerEmail":"","_OrganizerPhone":"","_OrganizerWebsite":"","_VenueAddress":"","_VenueCity":"","_VenueCountry":"","_VenueProvince":"","_VenueState":"","_VenueZip":"","_VenuePhone":"","_VenueURL":"","_VenueStateProvince":"","_VenueLat":"","_VenueLng":"","_VenueShowMap":false,"_VenueShowMapLink":false,"_tribe_events_status":"","_tribe_events_status_reason":"","footnotes":""},"tags":[],"tribe_events_cat":[],"class_list":["post-774","tribe_events","type-tribe_events","status-publish","has-post-thumbnail","hentry"],"yoast_head":"<!-- This site is optimized with the Yoast SEO plugin v26.7 - https:\/\/yoast.com\/wordpress\/plugins\/seo\/ -->\n<title>Carnaval de Cherbourg - Cherbourg 1944<\/title>\n<meta name=\"description\" content=\"Un grand moment de festivit\u00e9s \u00e0 partager lors du Carnaval de Cherbourg-en-Cotentin. Retrouvez les auteurs de New Cherbourg Stories, la s\u00e9rie de Bande Dessin\u00e9e qui se d\u00e9roule dans une Cherbourg des ann\u00e9es 30 dystopique et fantastique.\" \/>\n<meta name=\"robots\" content=\"index, follow, max-snippet:-1, max-image-preview:large, max-video-preview:-1\" \/>\n<link rel=\"canonical\" href=\"https:\/\/www.cherbourg44.fr\/index.php\/evenement\/carnaval-de-cherbourg\/\" \/>\n<meta property=\"og:locale\" content=\"fr_FR\" \/>\n<meta property=\"og:type\" content=\"article\" \/>\n<meta property=\"og:title\" content=\"Carnaval de Cherbourg - Cherbourg 1944\" \/>\n<meta property=\"og:description\" content=\"Un grand moment de festivit\u00e9s \u00e0 partager lors du Carnaval de Cherbourg-en-Cotentin. Retrouvez les auteurs de New Cherbourg Stories, la s\u00e9rie de Bande Dessin\u00e9e qui se d\u00e9roule dans une Cherbourg des ann\u00e9es 30 dystopique et fantastique.\" \/>\n<meta property=\"og:url\" content=\"https:\/\/www.cherbourg44.fr\/index.php\/evenement\/carnaval-de-cherbourg\/\" \/>\n<meta property=\"og:site_name\" content=\"Cherbourg 1944\" \/>\n<meta property=\"article:modified_time\" content=\"2025-04-16T20:32:33+00:00\" \/>\n<meta property=\"og:image\" content=\"http:\/\/www.cherbourg44.fr\/wp-content\/uploads\/2025\/04\/Capture-decran-2025-04-16-a-22.18.36-797x1024.png\" \/>\n\t<meta property=\"og:image:width\" content=\"797\" \/>\n\t<meta property=\"og:image:height\" content=\"1024\" \/>\n\t<meta property=\"og:image:type\" content=\"image\/png\" \/>\n<meta name=\"twitter:card\" content=\"summary_large_image\" \/>\n<meta name=\"twitter:label1\" content=\"Dur\u00e9e de lecture estim\u00e9e\" \/>\n\t<meta name=\"twitter:data1\" content=\"3 minutes\" \/>\n<script type=\"application\/ld+json\" class=\"yoast-schema-graph\">{\"@context\":\"https:\/\/schema.org\",\"@graph\":[{\"@type\":\"WebPage\",\"@id\":\"https:\/\/www.cherbourg44.fr\/index.php\/evenement\/carnaval-de-cherbourg\/\",\"url\":\"https:\/\/www.cherbourg44.fr\/index.php\/evenement\/carnaval-de-cherbourg\/\",\"name\":\"Carnaval de Cherbourg - Cherbourg 1944\",\"isPartOf\":{\"@id\":\"https:\/\/www.cherbourg44.fr\/#website\"},\"primaryImageOfPage\":{\"@id\":\"https:\/\/www.cherbourg44.fr\/index.php\/evenement\/carnaval-de-cherbourg\/#primaryimage\"},\"image\":{\"@id\":\"https:\/\/www.cherbourg44.fr\/index.php\/evenement\/carnaval-de-cherbourg\/#primaryimage\"},\"thumbnailUrl\":\"https:\/\/www.cherbourg44.fr\/wp-content\/uploads\/2025\/04\/Capture-decran-2025-04-16-a-22.18.36.png\",\"datePublished\":\"2025-04-16T20:24:04+00:00\",\"dateModified\":\"2025-04-16T20:32:33+00:00\",\"description\":\"Un grand moment de festivit\u00e9s \u00e0 partager lors du Carnaval de Cherbourg-en-Cotentin. Retrouvez les auteurs de New Cherbourg Stories, la s\u00e9rie de Bande Dessin\u00e9e qui se d\u00e9roule dans une Cherbourg des ann\u00e9es 30 dystopique et fantastique.\",\"breadcrumb\":{\"@id\":\"https:\/\/www.cherbourg44.fr\/index.php\/evenement\/carnaval-de-cherbourg\/#breadcrumb\"},\"inLanguage\":\"fr-FR\",\"potentialAction\":[{\"@type\":\"ReadAction\",\"target\":[\"https:\/\/www.cherbourg44.fr\/index.php\/evenement\/carnaval-de-cherbourg\/\"]}]},{\"@type\":\"ImageObject\",\"inLanguage\":\"fr-FR\",\"@id\":\"https:\/\/www.cherbourg44.fr\/index.php\/evenement\/carnaval-de-cherbourg\/#primaryimage\",\"url\":\"https:\/\/www.cherbourg44.fr\/wp-content\/uploads\/2025\/04\/Capture-decran-2025-04-16-a-22.18.36.png\",\"contentUrl\":\"https:\/\/www.cherbourg44.fr\/wp-content\/uploads\/2025\/04\/Capture-decran-2025-04-16-a-22.18.36.png\",\"width\":1184,\"height\":1522},{\"@type\":\"BreadcrumbList\",\"@id\":\"https:\/\/www.cherbourg44.fr\/index.php\/evenement\/carnaval-de-cherbourg\/#breadcrumb\",\"itemListElement\":[{\"@type\":\"ListItem\",\"position\":1,\"name\":\"Accueil\",\"item\":\"https:\/\/www.cherbourg44.fr\/\"},{\"@type\":\"ListItem\",\"position\":2,\"name\":\"\u00c9v\u00e8nements\",\"item\":\"https:\/\/www.cherbourg44.fr\/index.php\/calendrier\/\"},{\"@type\":\"ListItem\",\"position\":3,\"name\":\"Carnaval de Cherbourg\"}]},{\"@type\":\"WebSite\",\"@id\":\"https:\/\/www.cherbourg44.fr\/#website\",\"url\":\"https:\/\/www.cherbourg44.fr\/\",\"name\":\"Cherbourg 1944\",\"description\":\"Association de Reconstitution Historique\",\"potentialAction\":[{\"@type\":\"SearchAction\",\"target\":{\"@type\":\"EntryPoint\",\"urlTemplate\":\"https:\/\/www.cherbourg44.fr\/?s={search_term_string}\"},\"query-input\":{\"@type\":\"PropertyValueSpecification\",\"valueRequired\":true,\"valueName\":\"search_term_string\"}}],\"inLanguage\":\"fr-FR\"}]}<\/script>\n<!-- \/ Yoast SEO plugin. -->","yoast_head_json":{"title":"Carnaval de Cherbourg - Cherbourg 1944","description":"Un grand moment de festivit\u00e9s \u00e0 partager lors du Carnaval de Cherbourg-en-Cotentin. Retrouvez les auteurs de New Cherbourg Stories, la s\u00e9rie de Bande Dessin\u00e9e qui se d\u00e9roule dans une Cherbourg des ann\u00e9es 30 dystopique et fantastique.","robots":{"index":"index","follow":"follow","max-snippet":"max-snippet:-1","max-image-preview":"max-image-preview:large","max-video-preview":"max-video-preview:-1"},"canonical":"https:\/\/www.cherbourg44.fr\/index.php\/evenement\/carnaval-de-cherbourg\/","og_locale":"fr_FR","og_type":"article","og_title":"Carnaval de Cherbourg - Cherbourg 1944","og_description":"Un grand moment de festivit\u00e9s \u00e0 partager lors du Carnaval de Cherbourg-en-Cotentin. Retrouvez les auteurs de New Cherbourg Stories, la s\u00e9rie de Bande Dessin\u00e9e qui se d\u00e9roule dans une Cherbourg des ann\u00e9es 30 dystopique et fantastique.","og_url":"https:\/\/www.cherbourg44.fr\/index.php\/evenement\/carnaval-de-cherbourg\/","og_site_name":"Cherbourg 1944","article_modified_time":"2025-04-16T20:32:33+00:00","og_image":[{"width":797,"height":1024,"url":"http:\/\/www.cherbourg44.fr\/wp-content\/uploads\/2025\/04\/Capture-decran-2025-04-16-a-22.18.36-797x1024.png","type":"image\/png"}],"twitter_card":"summary_large_image","twitter_misc":{"Dur\u00e9e de lecture estim\u00e9e":"3 minutes"},"schema":{"@context":"https:\/\/schema.org","@graph":[{"@type":"WebPage","@id":"https:\/\/www.cherbourg44.fr\/index.php\/evenement\/carnaval-de-cherbourg\/","url":"https:\/\/www.cherbourg44.fr\/index.php\/evenement\/carnaval-de-cherbourg\/","name":"Carnaval de Cherbourg - Cherbourg 1944","isPartOf":{"@id":"https:\/\/www.cherbourg44.fr\/#website"},"primaryImageOfPage":{"@id":"https:\/\/www.cherbourg44.fr\/index.php\/evenement\/carnaval-de-cherbourg\/#primaryimage"},"image":{"@id":"https:\/\/www.cherbourg44.fr\/index.php\/evenement\/carnaval-de-cherbourg\/#primaryimage"},"thumbnailUrl":"https:\/\/www.cherbourg44.fr\/wp-content\/uploads\/2025\/04\/Capture-decran-2025-04-16-a-22.18.36.png","datePublished":"2025-04-16T20:24:04+00:00","dateModified":"2025-04-16T20:32:33+00:00","description":"Un grand moment de festivit\u00e9s \u00e0 partager lors du Carnaval de Cherbourg-en-Cotentin. Retrouvez les auteurs de New Cherbourg Stories, la s\u00e9rie de Bande Dessin\u00e9e qui se d\u00e9roule dans une Cherbourg des ann\u00e9es 30 dystopique et fantastique.","breadcrumb":{"@id":"https:\/\/www.cherbourg44.fr\/index.php\/evenement\/carnaval-de-cherbourg\/#breadcrumb"},"inLanguage":"fr-FR","potentialAction":[{"@type":"ReadAction","target":["https:\/\/www.cherbourg44.fr\/index.php\/evenement\/carnaval-de-cherbourg\/"]}]},{"@type":"ImageObject","inLanguage":"fr-FR","@id":"https:\/\/www.cherbourg44.fr\/index.php\/evenement\/carnaval-de-cherbourg\/#primaryimage","url":"https:\/\/www.cherbourg44.fr\/wp-content\/uploads\/2025\/04\/Capture-decran-2025-04-16-a-22.18.36.png","contentUrl":"https:\/\/www.cherbourg44.fr\/wp-content\/uploads\/2025\/04\/Capture-decran-2025-04-16-a-22.18.36.png","width":1184,"height":1522},{"@type":"BreadcrumbList","@id":"https:\/\/www.cherbourg44.fr\/index.php\/evenement\/carnaval-de-cherbourg\/#breadcrumb","itemListElement":[{"@type":"ListItem","position":1,"name":"Accueil","item":"https:\/\/www.cherbourg44.fr\/"},{"@type":"ListItem","position":2,"name":"\u00c9v\u00e8nements","item":"https:\/\/www.cherbourg44.fr\/index.php\/calendrier\/"},{"@type":"ListItem","position":3,"name":"Carnaval de Cherbourg"}]},{"@type":"WebSite","@id":"https:\/\/www.cherbourg44.fr\/#website","url":"https:\/\/www.cherbourg44.fr\/","name":"Cherbourg 1944","description":"Association de Reconstitution Historique","potentialAction":[{"@type":"SearchAction","target":{"@type":"EntryPoint","urlTemplate":"https:\/\/www.cherbourg44.fr\/?s={search_term_string}"},"query-input":{"@type":"PropertyValueSpecification","valueRequired":true,"valueName":"search_term_string"}}],"inLanguage":"fr-FR"}]}},"_links":{"self":[{"href":"https:\/\/www.cherbourg44.fr\/index.php\/wp-json\/wp\/v2\/tribe_events\/774","targetHints":{"allow":["GET"]}}],"collection":[{"href":"https:\/\/www.cherbourg44.fr\/index.php\/wp-json\/wp\/v2\/tribe_events"}],"about":[{"href":"https:\/\/www.cherbourg44.fr\/index.php\/wp-json\/wp\/v2\/types\/tribe_events"}],"author":[{"embeddable":true,"href":"https:\/\/www.cherbourg44.fr\/index.php\/wp-json\/wp\/v2\/users\/1"}],"version-history":[{"count":1,"href":"https:\/\/www.cherbourg44.fr\/index.php\/wp-json\/wp\/v2\/tribe_events\/774\/revisions"}],"predecessor-version":[{"id":780,"href":"https:\/\/www.cherbourg44.fr\/index.php\/wp-json\/wp\/v2\/tribe_events\/774\/revisions\/780"}],"wp:featuredmedia":[{"embeddable":true,"href":"https:\/\/www.cherbourg44.fr\/index.php\/wp-json\/wp\/v2\/media\/776"}],"wp:attachment":[{"href":"https:\/\/www.cherbourg44.fr\/index.php\/wp-json\/wp\/v2\/media?parent=774"}],"wp:term":[{"taxonomy":"post_tag","embeddable":true,"href":"https:\/\/www.cherbourg44.fr\/index.php\/wp-json\/wp\/v2\/tags?post=774"},{"taxonomy":"tribe_events_cat","embeddable":true,"href":"https:\/\/www.cherbourg44.fr\/index.php\/wp-json\/wp\/v2\/tribe_events_cat?post=774"}],"curies":[{"name":"wp","href":"https:\/\/api.w.org\/{rel}","templated":true}]}}